{"id":1793,"date":"2020-10-15T15:42:09","date_gmt":"2020-10-15T13:42:09","guid":{"rendered":"https:\/\/www.alfaplan.hr\/pravila-privatnosti\/"},"modified":"2021-01-04T12:08:28","modified_gmt":"2021-01-04T11:08:28","slug":"privacy-notice","status":"publish","type":"page","link":"https:\/\/www.alfaplan.hr\/en\/privacy-notice\/","title":{"rendered":"Privacy Notice"},"content":{"rendered":"<div id='av_section_1'  class='avia-section main_color avia-section-default avia-no-shadow  avia-full-stretch av-parallax-section av-section-color-overlay-active avia-bg-style-parallax  avia-builder-el-0  el_before_av_one_full  avia-builder-el-first  subpage-heading  av-minimum-height av-minimum-height-50  container_wrap fullsize' style=' '  data-section-bg-repeat='stretch' data-av_minimum_height_pc='50'><div class='av-parallax' data-avia-parallax-ratio='0.3' ><div class='av-parallax-inner main_color  avia-full-stretch' style = 'background-repeat: no-repeat; background-image: url(https:\/\/www.alfaplan.hr\/wp-content\/uploads\/2020\/12\/privacy.jpg);background-attachment: scroll; background-position: center center; ' ><\/div><\/div><div class='av-section-color-overlay-wrap'><div class='av-section-color-overlay' style='opacity: 0.5; background-color: #000000; '><\/div><a href='#next-section' title='' class='scroll-down-link '  aria-hidden='true' data-av_icon='\ue877' data-av_iconfont='entypo-fontello'><\/a><div class='container' ><main  role=\"main\" itemprop=\"mainContentOfPage\"  class='template-page content  av-content-full alpha units'><div class='post-entry post-entry-type-page post-entry-1793'><div class='entry-content-wrapper clearfix'>\n<div class=\"flex_column av_one_full  av-animated-generic bottom-to-top  flex_column_div av-zero-column-padding first  avia-builder-el-1  avia-builder-el-no-sibling  \" style='border-radius:0px; '><p><div  style='padding-bottom:0px; color:#ffffff;font-size:40px;' class='av-special-heading av-special-heading-h3 custom-color-heading blockquote modern-quote modern-centered  avia-builder-el-2  el_before_av_hr  avia-builder-el-first  av-inherit-size '><h3 class='av-special-heading-tag '  itemprop=\"headline\"  >Privacy Notice<\/h3><div class='special-heading-border'><div class='special-heading-inner-border' style='border-color:#ffffff'><\/div><\/div><\/div><br \/>\n<div  style=' margin-top:5px; margin-bottom:35px;'  class='hr hr-custom hr-center hr-icon-no   avia-builder-el-3  el_after_av_heading  avia-builder-el-last '><span class='hr-inner  inner-border-av-border-fat' style=' width:50px; border-color:#efbb20;' ><span class='hr-inner-style'><\/span><\/span><\/div><\/p><\/div><\/div><\/div><\/main><!-- close content main element --><\/div><\/div><\/div><div id='after_section_1'  class='main_color av_default_container_wrap container_wrap fullsize' style=' '  ><div class='container' ><div class='template-page content  av-content-full alpha units'><div class='post-entry post-entry-type-page post-entry-1793'><div class='entry-content-wrapper clearfix'><div class=\"flex_column av_one_full  av-animated-generic bottom-to-top  flex_column_div first  avia-builder-el-4  el_after_av_section  avia-builder-el-no-sibling  pravila \" style='padding:5% 0 0px 0 ; border-radius:0px; '><p><section class=\"av_textblock_section \"  itemscope=\"itemscope\" itemtype=\"https:\/\/schema.org\/CreativeWork\" ><div class='avia_textblock  '   itemprop=\"text\" ><p>As part of our activities, we collect and process personal data of our clients and persons interested in our services. The collected data are processed and stored in a transparent and safe manner, primarily by safeguarding your privacy and in accordance with the laws and regulations of the Republic of Croatia and the EU. The controller responsible for this website and your personal data is Alfaplan gra\u0111enje d.o.o. gra\u0111enje i gospodarenje and Alfaplan d.o.o za prostorno planiranje, urbanizam, arhitekturu, in\u017eenjering i consulting, as prescribed by the law and regulations on personal data protection.<\/p>\n<\/div><\/section><br \/>\n<div  style='padding-bottom:0px; ' class='av-special-heading av-special-heading-h3  blockquote modern-quote  avia-builder-el-6  el_after_av_textblock  el_before_av_hr  '><h3 class='av-special-heading-tag '  itemprop=\"headline\"  >WHAT TYPE OF PERSONAL DATA DO WE COLLECT AND HOW DO WE COLLECT IT<\/h3><div class='special-heading-border'><div class='special-heading-inner-border' ><\/div><\/div><\/div><br \/>\n<div  style=' margin-top:10px; margin-bottom:10px;'  class='hr hr-custom hr-left hr-icon-no   avia-builder-el-7  el_after_av_heading  el_before_av_textblock '><span class='hr-inner  inner-border-av-border-fat' style=' width:50px; border-color:#efbb20;' ><span class='hr-inner-style'><\/span><\/span><\/div><br \/>\n<section class=\"av_textblock_section \"  itemscope=\"itemscope\" itemtype=\"https:\/\/schema.org\/CreativeWork\" ><div class='avia_textblock  '   itemprop=\"text\" ><p>We collect data through a contact form on our website at alfaplan.hr or directly through our e-mail address. The data requested via the contact form (your name and surname, telephone number and e-mail address) as well as any other data you submit to us via e-mail will be processed and stored to allow us to communicate with you and answer your inquiry. By filling out the contact form on our website or by contacting us directly via e-mail, you guarantee that the information you have provided is accurate and that you fully agree to the terms and conditions of our Privacy Notice. In collecting data through the website we use HTTPS protocols and SSL certificates in order to encrypt data between the computer and the server. By submitting your personal data, you agree to us contacting you and thereby give us the right to include you in our database in order to ensure the requested service. We consider this your explicit consent to contact.<\/p>\n<\/div><\/section><br \/>\n<div  style='padding-bottom:0px; ' class='av-special-heading av-special-heading-h3  blockquote modern-quote  avia-builder-el-9  el_after_av_textblock  el_before_av_hr  '><h3 class='av-special-heading-tag '  itemprop=\"headline\"  >PURPOSE OF COLLECTING PERSONAL DATA<\/h3><div class='special-heading-border'><div class='special-heading-inner-border' ><\/div><\/div><\/div><br \/>\n<div  style=' margin-top:10px; margin-bottom:10px;'  class='hr hr-custom hr-left hr-icon-no   avia-builder-el-10  el_after_av_heading  el_before_av_textblock '><span class='hr-inner  inner-border-av-border-fat' style=' width:50px; border-color:#efbb20;' ><span class='hr-inner-style'><\/span><\/span><\/div><br \/>\n<section class=\"av_textblock_section \"  itemscope=\"itemscope\" itemtype=\"https:\/\/schema.org\/CreativeWork\" ><div class='avia_textblock  '   itemprop=\"text\" ><p>The data we collect through the contact form on our website or directly through our e-mail is used for the purpose of answering your inquiry or providing you with a quote for the requested service. Personal data is collected and processed only for specific and legitimate purposes and we do not process them further in a manner that is not in accordance with the purpose for which it was collected, unless otherwise provided by law or on the basis of consent.<\/p>\n<\/div><\/section><br \/>\n<div  style='padding-bottom:0px; ' class='av-special-heading av-special-heading-h3  blockquote modern-quote  avia-builder-el-12  el_after_av_textblock  el_before_av_hr  '><h3 class='av-special-heading-tag '  itemprop=\"headline\"  >WHO WILL HAVE ACCESS TO YOUR DATA<\/h3><div class='special-heading-border'><div class='special-heading-inner-border' ><\/div><\/div><\/div><br \/>\n<div  style=' margin-top:10px; margin-bottom:10px;'  class='hr hr-custom hr-left hr-icon-no   avia-builder-el-13  el_after_av_heading  el_before_av_textblock '><span class='hr-inner  inner-border-av-border-fat' style=' width:50px; border-color:#efbb20;' ><span class='hr-inner-style'><\/span><\/span><\/div><br \/>\n<section class=\"av_textblock_section \"  itemscope=\"itemscope\" itemtype=\"https:\/\/schema.org\/CreativeWork\" ><div class='avia_textblock  '   itemprop=\"text\" ><p>Your rights to protection of personal data are our priority, which is why we will ensure that your data is processed only in accordance with the above-mentioned purpose. If necessary to fulfil the specified purpose, access to your data will be provided to: authorised employees and owners of the data controller\u2019s companies. Personal data is used exclusively in order to pursue the company\u2019s legitimate business interests and is not sold to or shared with third parties, unless specifically requested by legal state authorities.<\/p>\n<\/div><\/section><br \/>\n<div  style='padding-bottom:0px; ' class='av-special-heading av-special-heading-h3  blockquote modern-quote  avia-builder-el-15  el_after_av_textblock  el_before_av_hr  '><h3 class='av-special-heading-tag '  itemprop=\"headline\"  >FOR HOW LONG WILL YOUR PERSONAL DATA BE STORED<\/h3><div class='special-heading-border'><div class='special-heading-inner-border' ><\/div><\/div><\/div><br \/>\n<div  style=' margin-top:10px; margin-bottom:10px;'  class='hr hr-custom hr-left hr-icon-no   avia-builder-el-16  el_after_av_heading  el_before_av_textblock '><span class='hr-inner  inner-border-av-border-fat' style=' width:50px; border-color:#efbb20;' ><span class='hr-inner-style'><\/span><\/span><\/div><br \/>\n<section class=\"av_textblock_section \"  itemscope=\"itemscope\" itemtype=\"https:\/\/schema.org\/CreativeWork\" ><div class='avia_textblock  '   itemprop=\"text\" ><p>We store and process the collected data only for as long as it is required to carry out a joint business cooperation, unless otherwise prescribed by law.<\/p>\n<\/div><\/section><br \/>\n<div  style='padding-bottom:0px; ' class='av-special-heading av-special-heading-h3  blockquote modern-quote  avia-builder-el-18  el_after_av_textblock  el_before_av_hr  '><h3 class='av-special-heading-tag '  itemprop=\"headline\"  >SECURITY OF PERSONAL DATA<\/h3><div class='special-heading-border'><div class='special-heading-inner-border' ><\/div><\/div><\/div><br \/>\n<div  style=' margin-top:10px; margin-bottom:10px;'  class='hr hr-custom hr-left hr-icon-no   avia-builder-el-19  el_after_av_heading  el_before_av_textblock '><span class='hr-inner  inner-border-av-border-fat' style=' width:50px; border-color:#efbb20;' ><span class='hr-inner-style'><\/span><\/span><\/div><br \/>\n<section class=\"av_textblock_section \"  itemscope=\"itemscope\" itemtype=\"https:\/\/schema.org\/CreativeWork\" ><div class='avia_textblock  '   itemprop=\"text\" ><p>In order to ensure your personal data is securely stored, we implement technical and organisational measures, including protection against unauthorised or unlawful processing and against accidental loss, destruction or damage. Data collected via the contact form on our website is protected by SSL certificate. All communications involving personal data are encrypted, thereby protecting the data from potential theft. Security of your data is important to us; however, keep in mind that no type of internet transfer or electronic storage method is 100% secure. Although we strive to use commercially acceptable means to protect your personal data, we cannot guarantee its absolute security.<\/p>\n<\/div><\/section><br \/>\n<div  style=' margin-top:10px; margin-bottom:10px;'  class='hr hr-custom hr-left hr-icon-no   avia-builder-el-21  el_after_av_textblock  el_before_av_heading '><span class='hr-inner  inner-border-av-border-fat' style=' width:50px; border-color:#efbb20;' ><span class='hr-inner-style'><\/span><\/span><\/div><br \/>\n<div  style='padding-bottom:0px; ' class='av-special-heading av-special-heading-h4  blockquote modern-quote  avia-builder-el-22  el_after_av_hr  el_before_av_textblock  '><h4 class='av-special-heading-tag '  itemprop=\"headline\"  >CONSENT <\/h4><div class='special-heading-border'><div class='special-heading-inner-border' ><\/div><\/div><\/div><br \/>\n<section class=\"av_textblock_section \"  itemscope=\"itemscope\" itemtype=\"https:\/\/schema.org\/CreativeWork\" ><div class='avia_textblock  '   itemprop=\"text\" ><p>I confirm that I am aware of all relevant information on the data controller\u2019s companies and the services they provide. I hereby give my express consent to the data controller\u2019s companies to collect and further process my personal data, as well as any other data learned through the provision of services in accordance with the relevant legislation and the specified purpose.<\/p>\n<p>For any questions in relation to this Privacy Notice or the processing of your data, please contact us at: info@alfaplan.hr.<\/p>\n<\/div><\/section><\/p><\/div><\/p>\n","protected":false},"excerpt":{"rendered":"","protected":false},"author":1,"featured_media":1454,"parent":0,"menu_order":0,"comment_status":"closed","ping_status":"closed","template":"","meta":[],"yoast_head":"<!-- This site is optimized with the Yoast SEO plugin v19.2 - https:\/\/yoast.com\/wordpress\/plugins\/seo\/ -->\n<title>Privacy Notice | Alfaplan Dubrovnik | Design and Construction<\/title>\n<meta name=\"robots\" content=\"index, follow, max-snippet:-1, max-image-preview:large, max-video-preview:-1\" \/>\n<link rel=\"canonical\" href=\"https:\/\/www.alfaplan.hr\/en\/privacy-notice\/\" \/>\n<meta property=\"og:locale\" content=\"en_US\" \/>\n<meta property=\"og:type\" content=\"article\" \/>\n<meta property=\"og:title\" content=\"Privacy Notice | Alfaplan Dubrovnik | Design and Construction\" \/>\n<meta property=\"og:url\" content=\"https:\/\/www.alfaplan.hr\/en\/privacy-notice\/\" \/>\n<meta property=\"og:site_name\" content=\"Alfaplan\" \/>\n<meta property=\"article:modified_time\" content=\"2021-01-04T11:08:28+00:00\" \/>\n<meta property=\"og:image\" content=\"https:\/\/www.alfaplan.hr\/wp-content\/uploads\/2020\/10\/gradimo-i-rastemo-alfaplan-ured.jpg\" \/>\n\t<meta property=\"og:image:width\" content=\"1919\" \/>\n\t<meta property=\"og:image:height\" content=\"822\" \/>\n\t<meta property=\"og:image:type\" content=\"image\/jpeg\" \/>\n<meta name=\"author\" content=\"alfaplan\" \/>\n<meta name=\"twitter:card\" content=\"summary_large_image\" \/>\n<meta name=\"twitter:label1\" content=\"Est. reading time\" \/>\n\t<meta name=\"twitter:data1\" content=\"11 minutes\" \/>\n<script type=\"application\/ld+json\" class=\"yoast-schema-graph\">{\"@context\":\"https:\/\/schema.org\",\"@graph\":[{\"@type\":\"WebSite\",\"@id\":\"https:\/\/www.alfaplan.hr\/#website\",\"url\":\"https:\/\/www.alfaplan.hr\/\",\"name\":\"Alfaplan\",\"description\":\"\",\"potentialAction\":[{\"@type\":\"SearchAction\",\"target\":{\"@type\":\"EntryPoint\",\"urlTemplate\":\"https:\/\/www.alfaplan.hr\/?s={search_term_string}\"},\"query-input\":\"required name=search_term_string\"}],\"inLanguage\":\"en-US\"},{\"@type\":\"ImageObject\",\"inLanguage\":\"en-US\",\"@id\":\"https:\/\/www.alfaplan.hr\/en\/privacy-notice\/#primaryimage\",\"url\":\"https:\/\/www.alfaplan.hr\/wp-content\/uploads\/2020\/10\/gradimo-i-rastemo-alfaplan-ured.jpg\",\"contentUrl\":\"https:\/\/www.alfaplan.hr\/wp-content\/uploads\/2020\/10\/gradimo-i-rastemo-alfaplan-ured.jpg\",\"width\":1919,\"height\":822},{\"@type\":\"WebPage\",\"@id\":\"https:\/\/www.alfaplan.hr\/en\/privacy-notice\/#webpage\",\"url\":\"https:\/\/www.alfaplan.hr\/en\/privacy-notice\/\",\"name\":\"Privacy Notice | Alfaplan Dubrovnik | Design and Construction\",\"isPartOf\":{\"@id\":\"https:\/\/www.alfaplan.hr\/#website\"},\"primaryImageOfPage\":{\"@id\":\"https:\/\/www.alfaplan.hr\/en\/privacy-notice\/#primaryimage\"},\"datePublished\":\"2020-10-15T13:42:09+00:00\",\"dateModified\":\"2021-01-04T11:08:28+00:00\",\"breadcrumb\":{\"@id\":\"https:\/\/www.alfaplan.hr\/en\/privacy-notice\/#breadcrumb\"},\"inLanguage\":\"en-US\",\"potentialAction\":[{\"@type\":\"ReadAction\",\"target\":[\"https:\/\/www.alfaplan.hr\/en\/privacy-notice\/\"]}]},{\"@type\":\"BreadcrumbList\",\"@id\":\"https:\/\/www.alfaplan.hr\/en\/privacy-notice\/#breadcrumb\",\"itemListElement\":[{\"@type\":\"ListItem\",\"position\":1,\"name\":\"Po\u010detna stranica\",\"item\":\"https:\/\/www.alfaplan.hr\/en\/\"},{\"@type\":\"ListItem\",\"position\":2,\"name\":\"Privacy Notice\"}]}]}<\/script>\n<!-- \/ Yoast SEO plugin. -->","yoast_head_json":{"title":"Privacy Notice | Alfaplan Dubrovnik | Design and Construction","robots":{"index":"index","follow":"follow","max-snippet":"max-snippet:-1","max-image-preview":"max-image-preview:large","max-video-preview":"max-video-preview:-1"},"canonical":"https:\/\/www.alfaplan.hr\/en\/privacy-notice\/","og_locale":"en_US","og_type":"article","og_title":"Privacy Notice | Alfaplan Dubrovnik | Design and Construction","og_url":"https:\/\/www.alfaplan.hr\/en\/privacy-notice\/","og_site_name":"Alfaplan","article_modified_time":"2021-01-04T11:08:28+00:00","og_image":[{"width":1919,"height":822,"url":"https:\/\/www.alfaplan.hr\/wp-content\/uploads\/2020\/10\/gradimo-i-rastemo-alfaplan-ured.jpg","type":"image\/jpeg"}],"author":"alfaplan","twitter_card":"summary_large_image","twitter_misc":{"Est. reading time":"11 minutes"},"schema":{"@context":"https:\/\/schema.org","@graph":[{"@type":"WebSite","@id":"https:\/\/www.alfaplan.hr\/#website","url":"https:\/\/www.alfaplan.hr\/","name":"Alfaplan","description":"","potentialAction":[{"@type":"SearchAction","target":{"@type":"EntryPoint","urlTemplate":"https:\/\/www.alfaplan.hr\/?s={search_term_string}"},"query-input":"required name=search_term_string"}],"inLanguage":"en-US"},{"@type":"ImageObject","inLanguage":"en-US","@id":"https:\/\/www.alfaplan.hr\/en\/privacy-notice\/#primaryimage","url":"https:\/\/www.alfaplan.hr\/wp-content\/uploads\/2020\/10\/gradimo-i-rastemo-alfaplan-ured.jpg","contentUrl":"https:\/\/www.alfaplan.hr\/wp-content\/uploads\/2020\/10\/gradimo-i-rastemo-alfaplan-ured.jpg","width":1919,"height":822},{"@type":"WebPage","@id":"https:\/\/www.alfaplan.hr\/en\/privacy-notice\/#webpage","url":"https:\/\/www.alfaplan.hr\/en\/privacy-notice\/","name":"Privacy Notice | Alfaplan Dubrovnik | Design and Construction","isPartOf":{"@id":"https:\/\/www.alfaplan.hr\/#website"},"primaryImageOfPage":{"@id":"https:\/\/www.alfaplan.hr\/en\/privacy-notice\/#primaryimage"},"datePublished":"2020-10-15T13:42:09+00:00","dateModified":"2021-01-04T11:08:28+00:00","breadcrumb":{"@id":"https:\/\/www.alfaplan.hr\/en\/privacy-notice\/#breadcrumb"},"inLanguage":"en-US","potentialAction":[{"@type":"ReadAction","target":["https:\/\/www.alfaplan.hr\/en\/privacy-notice\/"]}]},{"@type":"BreadcrumbList","@id":"https:\/\/www.alfaplan.hr\/en\/privacy-notice\/#breadcrumb","itemListElement":[{"@type":"ListItem","position":1,"name":"Po\u010detna stranica","item":"https:\/\/www.alfaplan.hr\/en\/"},{"@type":"ListItem","position":2,"name":"Privacy Notice"}]}]}},"_links":{"self":[{"href":"https:\/\/www.alfaplan.hr\/en\/wp-json\/wp\/v2\/pages\/1793"}],"collection":[{"href":"https:\/\/www.alfaplan.hr\/en\/wp-json\/wp\/v2\/pages"}],"about":[{"href":"https:\/\/www.alfaplan.hr\/en\/wp-json\/wp\/v2\/types\/page"}],"author":[{"embeddable":true,"href":"https:\/\/www.alfaplan.hr\/en\/wp-json\/wp\/v2\/users\/1"}],"replies":[{"embeddable":true,"href":"https:\/\/www.alfaplan.hr\/en\/wp-json\/wp\/v2\/comments?post=1793"}],"version-history":[{"count":2,"href":"https:\/\/www.alfaplan.hr\/en\/wp-json\/wp\/v2\/pages\/1793\/revisions"}],"predecessor-version":[{"id":1796,"href":"https:\/\/www.alfaplan.hr\/en\/wp-json\/wp\/v2\/pages\/1793\/revisions\/1796"}],"wp:featuredmedia":[{"embeddable":true,"href":"https:\/\/www.alfaplan.hr\/en\/wp-json\/wp\/v2\/media\/1454"}],"wp:attachment":[{"href":"https:\/\/www.alfaplan.hr\/en\/wp-json\/wp\/v2\/media?parent=1793"}],"curies":[{"name":"wp","href":"https:\/\/api.w.org\/{rel}","templated":true}]}}